{"id":105,"date":"2025-12-23T19:51:40","date_gmt":"2025-12-23T19:51:40","guid":{"rendered":"http:\/\/2fem\/?page_id=105"},"modified":"2026-07-22T13:22:48","modified_gmt":"2026-07-22T13:22:48","slug":"other-services","status":"publish","type":"page","link":"https:\/\/2fem.rs\/sr\/other-services\/","title":{"rendered":"Studijska fotografija"},"content":{"rendered":"<div class=\"wp-block-cover alignfull has-parallax\" style=\"min-height:865px;aspect-ratio:unset;\"><div role=\"img\" aria-label=\"Profesionalni studijski portreti BeogradKorporativni portreti, porodicni portreti, individualni portreti\" class=\"wp-block-cover__image-background wp-image-1328 has-parallax\" style=\"background-position:44% 22%;background-image:url(https:\/\/2fem.rs\/wp-content\/uploads\/2026\/01\/R5__0398-2.jpg)\"><\/div><span aria-hidden=\"true\" class=\"wp-block-cover__background has-background-dim\"><\/span><div class=\"wp-block-cover__inner-container is-layout-flow wp-block-cover-is-layout-flow\">\n<p class=\"has-text-align-center wp-block-paragraph\" style=\"font-size:clamp(2.957rem, 2.957rem + ((1vw - 0.2rem) * 4.46), 5.8rem);letter-spacing:15%\">Studijska fotografija<\/p>\n<\/div><\/div>\n\n\n\n<div class=\"wp-block-group alignfull is-style-section-5 has-global-padding is-layout-constrained wp-container-core-group-is-layout-22458b2a wp-block-group-is-layout-constrained is-style-section-5--1\" style=\"border-style:none;border-width:0px;border-top-left-radius:0px;border-top-right-radius:0px;border-bottom-left-radius:0px;border-bottom-right-radius:0px;min-height:176px;padding-top:var(--wp--preset--spacing--50);padding-bottom:var(--wp--preset--spacing--50)\">\n<h2 class=\"wp-block-heading has-text-align-center alignfull is-style-default has-x-large-font-size\" style=\"padding-top:var(--wp--preset--spacing--30);padding-right:var(--wp--preset--spacing--30);padding-bottom:var(--wp--preset--spacing--30);padding-left:var(--wp--preset--spacing--30)\">Profesionalni poslovni portreti, lifestyle fotografije, individualni i grupni studijski portreti za li\u010dne i poslovne potrebe<\/h2>\n<\/div>\n\n\n\n<div class=\"wp-block-group alignfull is-style-section-1 has-global-padding is-layout-constrained wp-block-group-is-layout-constrained is-style-section-1--2\" style=\"margin-top:0;margin-bottom:0\">\n<div class=\"wp-block-columns alignfull is-layout-flex wp-container-core-columns-is-layout-87724155 wp-block-columns-is-layout-flex\">\n<div class=\"wp-block-column is-vertically-aligned-stretch has-global-padding is-layout-constrained wp-block-column-is-layout-constrained\" style=\"flex-basis:40%\">\n<figure class=\"wp-block-image alignfull size-full\" style=\"margin-right:0;margin-left:0\"><img loading=\"lazy\" decoding=\"async\" width=\"1708\" height=\"2560\" src=\"https:\/\/2fem.rs\/wp-content\/uploads\/2026\/01\/R5__1692-scaled.jpg\" alt=\"Fotografisanje trudica Beograd\" class=\"wp-image-1333\" srcset=\"https:\/\/2fem.rs\/wp-content\/uploads\/2026\/01\/R5__1692-scaled.jpg 1708w, https:\/\/2fem.rs\/wp-content\/uploads\/2026\/01\/R5__1692-200x300.jpg 200w, https:\/\/2fem.rs\/wp-content\/uploads\/2026\/01\/R5__1692-683x1024.jpg 683w, https:\/\/2fem.rs\/wp-content\/uploads\/2026\/01\/R5__1692-768x1151.jpg 768w, https:\/\/2fem.rs\/wp-content\/uploads\/2026\/01\/R5__1692-1025x1536.jpg 1025w, https:\/\/2fem.rs\/wp-content\/uploads\/2026\/01\/R5__1692-1366x2048.jpg 1366w\" sizes=\"auto, (max-width: 1708px) 100vw, 1708px\" \/><\/figure>\n<\/div>\n\n\n\n<div class=\"wp-block-column is-vertically-aligned-center has-medium-font-size has-global-padding is-layout-constrained wp-container-core-column-is-layout-055bfb2b wp-block-column-is-layout-constrained\" style=\"padding-top:var(--wp--preset--spacing--40);padding-right:var(--wp--preset--spacing--40);padding-bottom:var(--wp--preset--spacing--40);padding-left:var(--wp--preset--spacing--40);flex-basis:60%\">\n<hr class=\"wp-block-separator has-alpha-channel-opacity is-style-dots\"\/>\n\n\n\n<p class=\"has-text-align-center wp-block-paragraph\" style=\"font-size:clamp(1.403rem, 1.403rem + ((1vw - 0.2rem) * 1.407), 2.3rem);\">Whether you need&nbsp;a polished professional&nbsp;headshot for your&nbsp;CV or LinkedIn,&nbsp;a lifestyle portrait&nbsp;that reflects your&nbsp;personality, or individual&nbsp;and group studio&nbsp;portraits, we create images tailored to&nbsp;your unique style&nbsp;and purpose.<\/p>\n\n\n\n<p class=\"has-text-align-center wp-block-paragraph translation-block\" style=\"padding-top:var(--wp--preset--spacing--30);padding-right:var(--wp--preset--spacing--30);padding-bottom:var(--wp--preset--spacing--30);padding-left:var(--wp--preset--spacing--30);font-size:clamp(1.403rem, 1.403rem + ((1vw - 0.2rem) * 1.407), 2.3rem);\">Sesije u studiju su idealan izbor za sve koji \u017eele profesionalne i moderne portrete u potpuno kontrolisanom ambijentu. Bilo da dolazite sami, u grupi ili sa porodicom, svaka sesija je osmi\u0161ljena da pru\u017ei udobnost, sigurnost i vrhunski vizuelni kvalitet.\nFokus je na prirodnim izrazima, opu\u0161tenoj atmosferi i minimalisti\u010dkoj estetici.<\/p>\n\n\n\n<hr class=\"wp-block-separator has-alpha-channel-opacity is-style-dots\"\/>\n<\/div>\n<\/div>\n<\/div>\n\n\n\n<div class=\"wp-block-group alignfull is-style-section-1 has-global-padding is-layout-constrained wp-block-group-is-layout-constrained is-style-section-1--3\" style=\"margin-top:0;margin-bottom:0;padding-top:var(--wp--preset--spacing--30);padding-bottom:var(--wp--preset--spacing--30)\">\n<hr class=\"wp-block-separator has-alpha-channel-opacity is-style-default\" style=\"margin-top:var(--wp--preset--spacing--30);margin-bottom:var(--wp--preset--spacing--30)\"\/>\n\n\n\n<h2 class=\"wp-block-heading has-text-align-center has-x-large-font-size\" style=\"padding-top:var(--wp--preset--spacing--30);padding-right:var(--wp--preset--spacing--30);padding-bottom:var(--wp--preset--spacing--30);padding-left:var(--wp--preset--spacing--30);letter-spacing:10%\">Tipovi sesija<\/h2>\n\n\n\n<div class=\"wp-block-columns alignwide is-layout-flex wp-container-core-columns-is-layout-2ccf18ac wp-block-columns-is-layout-flex\" style=\"margin-top:0;margin-bottom:0;padding-top:var(--wp--preset--spacing--50);padding-right:var(--wp--preset--spacing--60);padding-bottom:var(--wp--preset--spacing--50);padding-left:var(--wp--preset--spacing--60)\">\n<div class=\"wp-block-column has-border-color has-accent-5-border-color has-global-padding is-layout-constrained wp-container-core-column-is-layout-2a50dfad wp-block-column-is-layout-constrained\" style=\"border-width:1px;border-top-left-radius:15px;border-top-right-radius:15px;border-bottom-left-radius:15px;border-bottom-right-radius:15px;padding-top:0;padding-right:var(--wp--preset--spacing--30);padding-bottom:0;padding-left:var(--wp--preset--spacing--30);box-shadow:var(--wp--preset--shadow--natural);flex-basis:50%\">\n<p class=\"has-text-align-center has-x-large-font-size wp-block-paragraph\" style=\"padding-top:var(--wp--preset--spacing--20);padding-bottom:var(--wp--preset--spacing--20)\">Termin za jednu osobu<\/p>\n\n\n\n<p class=\"has-large-font-size wp-block-paragraph\" style=\"padding-top:0;padding-bottom:0\">\u20ac120<\/p>\n\n\n\n<p class=\"wp-block-paragraph\" style=\"font-size:14px\">1 sat<\/p>\n\n\n\n<ul style=\"padding-top:var(--wp--preset--spacing--20);padding-bottom:var(--wp--preset--spacing--20);padding-left:var(--wp--preset--spacing--20)\" class=\"wp-block-list is-style-checkmark-list has-small-font-size\">\n<li>Studijska portretna sesija za jednu osobu<\/li>\n\n\n\n<li>Profesionalna kolor korekcija i retu\u0161 lica<\/li>\n\n\n\n<li>20+ fotografija<\/li>\n\n\n\n<li>Razli\u010dite pozadine i stilovi po izboru<\/li>\n\n\n\n<li>Smernice za poziranje i pomo\u0107 odabira garderobe<\/li>\n<\/ul>\n<\/div>\n\n\n\n<div class=\"wp-block-column has-border-color has-accent-5-border-color is-layout-flow wp-block-column-is-layout-flow\" style=\"border-width:1px;border-top-left-radius:15px;border-top-right-radius:15px;border-bottom-left-radius:15px;border-bottom-right-radius:15px;padding-top:0;padding-right:var(--wp--preset--spacing--30);padding-bottom:0;padding-left:var(--wp--preset--spacing--30);box-shadow:var(--wp--preset--shadow--natural);flex-basis:50%\">\n<p class=\"has-text-align-center has-x-large-font-size wp-block-paragraph\" style=\"padding-top:var(--wp--preset--spacing--20);padding-bottom:var(--wp--preset--spacing--20)\">Termin za dve osobe<\/p>\n\n\n\n<p class=\"has-large-font-size wp-block-paragraph\">\u20ac160<\/p>\n\n\n\n<p class=\"wp-block-paragraph\" style=\"padding-top:var(--wp--preset--spacing--20);padding-bottom:var(--wp--preset--spacing--20);font-size:14px\">1 sat<\/p>\n\n\n\n<ul style=\"padding-top:var(--wp--preset--spacing--20);padding-bottom:var(--wp--preset--spacing--20);padding-left:var(--wp--preset--spacing--20)\" class=\"wp-block-list is-style-checkmark-list has-small-font-size\">\n<li>Individualni portreti za obe osobe<\/li>\n\n\n\n<li>Zajedni\u010dki portreti<\/li>\n\n\n\n<li>Profesionalna kolor korekcija i retu\u0161 lica<\/li>\n\n\n\n<li>30+ fotografija<\/li>\n\n\n\n<li>Razli\u010dite pozadine i stilovi po izboru<\/li>\n\n\n\n<li>Smernice za poziranje i pomo\u0107 odabira garderobe<\/li>\n<\/ul>\n<\/div>\n\n\n\n<div class=\"wp-block-column has-border-color has-accent-5-border-color is-layout-flow wp-block-column-is-layout-flow\" style=\"border-width:1px;border-top-left-radius:15px;border-top-right-radius:15px;border-bottom-left-radius:15px;border-bottom-right-radius:15px;padding-top:0;padding-right:var(--wp--preset--spacing--30);padding-bottom:0;padding-left:var(--wp--preset--spacing--30);box-shadow:var(--wp--preset--shadow--natural);flex-basis:50%\">\n<p class=\"has-text-align-center has-x-large-font-size wp-block-paragraph translation-block\" style=\"padding-top:var(--wp--preset--spacing--20);padding-bottom:var(--wp--preset--spacing--20)\">Termin za grupu<\/p>\n\n\n\n<p class=\"has-text-align-center has-small-font-size wp-block-paragraph\">Idealno za porodice i male grupe<\/p>\n\n\n\n<p class=\"has-large-font-size wp-block-paragraph\">\u20ac200<\/p>\n\n\n\n<p class=\"wp-block-paragraph\" style=\"padding-top:var(--wp--preset--spacing--20);padding-bottom:var(--wp--preset--spacing--20);font-size:14px\">1 sat i 30 minuta<\/p>\n\n\n\n<ul style=\"padding-top:0;padding-bottom:var(--wp--preset--spacing--20);padding-left:var(--wp--preset--spacing--20)\" class=\"wp-block-list is-style-checkmark-list has-small-font-size\">\n<li>Individualni portreti svake osobe<\/li>\n\n\n\n<li>Zajedni\u010dki portreti<\/li>\n\n\n\n<li>Profesionalna kolor korekcija i retu\u0161 lica<\/li>\n\n\n\n<li>40+ fotografija<\/li>\n\n\n\n<li>Razli\u010dite pozadine i stilovi po izboru<\/li>\n\n\n\n<li>Smernice za poziranje i pomo\u0107 odabira garderobe<\/li>\n<\/ul>\n\n\n\n<p class=\"has-text-align-center has-small-font-size wp-block-paragraph\" style=\"padding-top:var(--wp--preset--spacing--20);padding-bottom:var(--wp--preset--spacing--20)\">Do 4 osobe. Potrebna doplata za vi\u0161e od 4 osobe<\/p>\n<\/div>\n<\/div>\n\n\n\n<p class=\"has-text-align-center has-medium-font-size wp-block-paragraph\" style=\"padding-right:var(--wp--preset--spacing--20);padding-left:var(--wp--preset--spacing--20)\">Za samo par klikova, bukirajte va\u0161 termin<\/p>\n\n\n\n<div class=\"wp-block-buttons is-content-justification-center is-layout-flex wp-container-core-buttons-is-layout-a21edde1 wp-block-buttons-is-layout-flex\" style=\"padding-top:var(--wp--preset--spacing--40);padding-bottom:var(--wp--preset--spacing--40)\">\n<div class=\"wp-block-button\"><a class=\"wp-block-button__link has-large-font-size has-custom-font-size wp-element-button\" href=\"https:\/\/2fem.rs\/sr\/book-a-portrait-session\/\" style=\"border-top-left-radius:17px;border-top-right-radius:17px;border-bottom-left-radius:17px;border-bottom-right-radius:17px\"><strong>Zaka\u017eite fotografisanje u studiu<\/strong><\/a><\/div>\n<\/div>\n<\/div>\n\n\n\n<div class=\"wp-block-group alignfull is-style-section-1 has-global-padding is-layout-constrained wp-block-group-is-layout-constrained is-style-section-1--4\" style=\"margin-top:0;margin-bottom:0;padding-top:0;padding-bottom:var(--wp--preset--spacing--50)\">\n<div class=\"wp-block-columns alignwide is-layout-flex wp-container-core-columns-is-layout-d25fe44d wp-block-columns-is-layout-flex\" style=\"padding-top:var(--wp--preset--spacing--20);padding-right:var(--wp--preset--spacing--30);padding-bottom:var(--wp--preset--spacing--20);padding-left:var(--wp--preset--spacing--30)\">\n<div class=\"wp-block-column has-border-color has-accent-5-border-color has-large-font-size has-global-padding is-layout-constrained wp-container-core-column-is-layout-a1e91f75 wp-block-column-is-layout-constrained\" style=\"border-width:1px;border-top-left-radius:10px;border-top-right-radius:10px;border-bottom-left-radius:10px;border-bottom-right-radius:10px;padding-top:var(--wp--preset--spacing--20);padding-right:var(--wp--preset--spacing--30);padding-bottom:var(--wp--preset--spacing--20);padding-left:var(--wp--preset--spacing--30);box-shadow:var(--wp--preset--shadow--deep)\">\n<p class=\"has-text-align-center wp-block-paragraph\" style=\"font-size:clamp(21.027px, 1.314rem + ((1vw - 3.2px) * 1.272), 34px);\"><strong>\u0160ta uklju\u010duje jedan termin u studiju?<\/strong><\/p>\n\n\n\n<ul style=\"padding-top:var(--wp--preset--spacing--40);padding-bottom:var(--wp--preset--spacing--40)\" class=\"wp-block-list is-style-checkmark-list\">\n<li class=\"has-large-font-size\">Profesionalnu rasvetu<\/li>\n\n\n\n<li class=\"has-large-font-size\">Vo\u0111enje tokom cele sesije kako bi poziranje izgledalo prirodno i opu\u0161teno<\/li>\n\n\n\n<li class=\"has-large-font-size\">Biranje fotografija za edit<\/li>\n\n\n\n<li class=\"has-large-font-size\">Diskretna i \u010dista edit estetika koja \u010duva prirodnost, a isti\u010de profesionalni kvalitet.<\/li>\n<\/ul>\n<\/div>\n\n\n\n<div class=\"wp-block-column has-border-color has-accent-5-border-color has-large-font-size has-global-padding is-layout-constrained wp-container-core-column-is-layout-9262169f wp-block-column-is-layout-constrained\" style=\"border-width:1px;border-top-left-radius:10px;border-top-right-radius:10px;border-bottom-left-radius:10px;border-bottom-right-radius:10px;padding-top:var(--wp--preset--spacing--20);padding-right:var(--wp--preset--spacing--30);padding-bottom:var(--wp--preset--spacing--20);padding-left:var(--wp--preset--spacing--30);box-shadow:var(--wp--preset--shadow--deep)\">\n<p class=\"has-text-align-center wp-block-paragraph\" style=\"font-size:clamp(21.027px, 1.314rem + ((1vw - 3.2px) * 1.272), 34px);\"><strong>Imate odre\u0111enu ideju za studijsko fotografisanje?<\/strong><\/p>\n\n\n\n<p class=\"has-text-align-center has-large-font-size wp-block-paragraph\">Ako tvoja ideja ne ulazi u okvir standardnih studijskih sesija, slobodno nam ispri\u010daj vi\u0161e o svom projektu. Otvoreni smo za razli\u010dite opcije i volimo da sara\u0111ujemo na idejama koje izlaze iz standardnog okvira.<\/p>\n<\/div>\n<\/div>\n<\/div>\n\n\n\n<div class=\"wp-block-group alignwide is-layout-flow wp-container-core-group-is-layout-0e847b36 wp-block-group-is-layout-flow\" style=\"padding-top:var(--wp--preset--spacing--50);padding-right:var(--wp--preset--spacing--30);padding-bottom:var(--wp--preset--spacing--50);padding-left:var(--wp--preset--spacing--30)\">\n<h2 class=\"wp-block-heading has-text-align-center has-x-large-font-size\">\u010cesto postavljana pitanja<\/h2>\n\n\n\n<div class=\"wp-block-columns is-layout-flex wp-container-core-columns-is-layout-5b9cbc20 wp-block-columns-is-layout-flex\">\n<div class=\"wp-block-column is-layout-flow wp-block-column-is-layout-flow\">\n<div class=\"wp-block-group is-layout-flow wp-block-group-is-layout-flow\" style=\"border-top-color:var(--wp--preset--color--accent-6);border-top-width:1px;padding-top:var(--wp--preset--spacing--30);padding-bottom:var(--wp--preset--spacing--30)\">\n<h3 class=\"wp-block-heading\" style=\"padding-top:var(--wp--preset--spacing--20);padding-bottom:var(--wp--preset--spacing--20)\"><strong><strong>Kako da bukiram termin u studiju?<\/strong><\/strong><\/h3>\n\n\n\n<p class=\"wp-block-paragraph\">Veoma jednostavno \u2014 samo nekoliko klikova. U meniju izaberi \u201eZaka\u017eite fotografisanje u studiju\u201c i prati jednostavan korak\u2011po\u2011korak proces rezervacije. Nakon toga \u0107emo ti se javiti sa potvrdom i svim dodatnim informacijama.<\/p>\n<\/div>\n<\/div>\n\n\n\n<div class=\"wp-block-column is-layout-flow wp-block-column-is-layout-flow\">\n<div class=\"wp-block-group is-layout-flow wp-block-group-is-layout-flow\" style=\"border-top-color:var(--wp--preset--color--accent-6);border-top-width:1px;padding-top:var(--wp--preset--spacing--30);padding-bottom:var(--wp--preset--spacing--30)\">\n<h3 class=\"wp-block-heading\" style=\"padding-top:var(--wp--preset--spacing--20);padding-bottom:var(--wp--preset--spacing--20)\"><strong><strong><strong>Da li pru\u017eate pomo\u0107 prilikom pripreme za shooting?<\/strong><\/strong><\/strong><\/h3>\n\n\n\n<p class=\"wp-block-paragraph\">Da. Nakon rezervacije, dobi\u0107e\u0161 kratak vodi\u010d za pripremu, sa predlozima za poziranje i op\u0161tim preporukama koje \u0107e ti pomo\u0107i da se spremi\u0161 za sesiju. A tu smo uvek i sa online konsultaciju.<\/p>\n<\/div>\n<\/div>\n<\/div>\n\n\n\n<div class=\"wp-block-columns is-layout-flex wp-container-core-columns-is-layout-5b9cbc20 wp-block-columns-is-layout-flex\">\n<div class=\"wp-block-column is-layout-flow wp-block-column-is-layout-flow\">\n<div class=\"wp-block-group is-layout-flow wp-block-group-is-layout-flow\" style=\"border-top-color:var(--wp--preset--color--accent-6);border-top-width:1px;padding-top:0;padding-bottom:0\">\n<h3 class=\"wp-block-heading\" style=\"padding-top:var(--wp--preset--spacing--20);padding-bottom:var(--wp--preset--spacing--20)\"><strong><strong>Da li snimate i video portrete?<\/strong><\/strong><\/h3>\n\n\n\n<p class=\"wp-block-paragraph\">Da, pravimo i kratke video portrete za dodatnu cenu.<\/p>\n<\/div>\n<\/div>\n<\/div>\n<\/div>\n\n\n\n<div class=\"wp-block-group alignfull has-global-padding is-layout-constrained wp-container-core-group-is-layout-0553bc0d wp-block-group-is-layout-constrained\" style=\"margin-top:0;margin-bottom:0;padding-top:var(--wp--preset--spacing--30);padding-bottom:var(--wp--preset--spacing--30)\">\n<div class=\"wp-block-group alignwide is-layout-flow wp-block-group-is-layout-flow\">\n<p class=\"has-text-align-center is-style-text-display is-style-text-display--5 wp-block-paragraph\" style=\"padding-right:var(--wp--preset--spacing--20);padding-left:var(--wp--preset--spacing--20);font-style:normal;font-weight:400\">Imate jo\u0161 neko pitanje? <br><a href=\"https:\/\/2fem.rs\/sr\/contact\/\" data-type=\"page\" data-id=\"26\">Kontaktirajte nas i rado \u0107emo odgovoriti na sva va\u0161a pitanja<\/a><\/p>\n\n\n\n<div style=\"height:var(--wp--preset--spacing--40)\" aria-hidden=\"true\" class=\"wp-block-spacer\"><\/div>\n<\/div>\n<\/div>","protected":false},"excerpt":{"rendered":"<p>Professional headshots,\u00a0lifestyle portraits, and\u00a0individual or group\u00a0studio photography for\u00a0personal and professional needs Whether you need&nbsp;a polished professional&nbsp;headshot for your&nbsp;CV or LinkedIn,&nbsp;a lifestyle portrait&nbsp;that reflects your&nbsp;personality, or individual&nbsp;and group studio&nbsp;portraits, we create images tailored to&nbsp;your unique style&nbsp;and purpose. Studio sessions are designed for individuals, couples, families, or small groups who want&nbsp;high-quality portraits in a controlled and comfortable [&hellip;]<\/p>\n","protected":false},"author":1,"featured_media":0,"parent":0,"menu_order":0,"comment_status":"closed","ping_status":"closed","template":"","meta":{"footnotes":""},"class_list":["post-105","page","type-page","status-publish","hentry"],"_links":{"self":[{"href":"https:\/\/2fem.rs\/sr\/wp-json\/wp\/v2\/pages\/105","targetHints":{"allow":["GET"]}}],"collection":[{"href":"https:\/\/2fem.rs\/sr\/wp-json\/wp\/v2\/pages"}],"about":[{"href":"https:\/\/2fem.rs\/sr\/wp-json\/wp\/v2\/types\/page"}],"author":[{"embeddable":true,"href":"https:\/\/2fem.rs\/sr\/wp-json\/wp\/v2\/users\/1"}],"replies":[{"embeddable":true,"href":"https:\/\/2fem.rs\/sr\/wp-json\/wp\/v2\/comments?post=105"}],"version-history":[{"count":63,"href":"https:\/\/2fem.rs\/sr\/wp-json\/wp\/v2\/pages\/105\/revisions"}],"predecessor-version":[{"id":2030,"href":"https:\/\/2fem.rs\/sr\/wp-json\/wp\/v2\/pages\/105\/revisions\/2030"}],"wp:attachment":[{"href":"https:\/\/2fem.rs\/sr\/wp-json\/wp\/v2\/media?parent=105"}],"curies":[{"name":"wp","href":"https:\/\/api.w.org\/{rel}","templated":true}]}}